

{"id":9596,"date":"2023-03-07T13:34:51","date_gmt":"2023-03-07T13:34:51","guid":{"rendered":"https:\/\/www.museodegrandas.es\/le-musee\/12-maison-du-meunier\/sala-polivalente\/"},"modified":"2023-03-27T10:18:53","modified_gmt":"2023-03-27T10:18:53","slug":"salle-polyvalente","status":"publish","type":"page","link":"https:\/\/www.museodegrandas.es\/fr\/le-musee\/12-maison-du-meunier\/salle-polyvalente\/","title":{"rendered":"Salle polyvalente"},"content":{"rendered":"<h2>12.01. Salle \u00ab Pepe el Ferreiro \u00bb<\/h2>\n<p>&nbsp;<\/p>\n<h3 style=\"text-align: center;\"><a href=\"http:\/\/www.museojurasicoasturias.com\/es\/noticias\/390\/audioguas.html\">Plus d\u2032informations et t\u00e9l\u00e9chargement<\/a><\/h3>\n<p>&nbsp;<\/p>\n<p><a href=\"https:\/\/www.museodegrandas.es\/wp-content\/uploads\/2023\/03\/PANEL-2_1.jpg\"><img loading=\"lazy\" class=\"alignleft wp-image-9578 size-full\" title=\"Avec son p\u00e8re, \u00abBenino del Ferreiro\u00bb, en train de r\u00e9parer une roue de charrette\" src=\"https:\/\/www.museodegrandas.es\/wp-content\/uploads\/2023\/03\/PANEL-2_1.jpg\" alt=\"Avec son p\u00e8re, \u00abBenino del Ferreiro\u00bb, en train de r\u00e9parer une roue de charrette\" width=\"300\" height=\"459\" \/><\/a>Jos\u00e9 Mar\u00eda Naveiras Escanlar, alias \u00ab Pepe el Ferreiro \u00bb (Pepe le forgeron, 31 mars 1942, Grandas de Salime &#8211; 13 juin 2020, Belmonte de Miranda) est n\u00e9 et a grandi dans une famille paysanne avec une longue tradition d&rsquo;artisans forgerons.<\/p>\n<p>Son travail dans l&rsquo;atelier de menuiserie m\u00e9tallique de Grandas de Salime l\u2019amenait \u00e0 se d\u00e9placer fr\u00e9quemment sur tout le territoire communal, dans des maisons o\u00f9 il trouvait des objets et des outils souvent laiss\u00e9s \u00e0 l&rsquo;abandon. Sans avoir encore d&rsquo;id\u00e9e bien pr\u00e9cise de ce qu&rsquo;il pouvait en faire, il se mit \u00e0 rassembler des pi\u00e8ces qui ne servaient plus, des objets devenus inutiles, condamn\u00e9s \u00e0 l&rsquo;abandon ou \u00e0 finir au feu.<\/p>\n<p>Sa curiosit\u00e9 naturelle ne se limitait pas \u00e0 r\u00e9cup\u00e9rer des objets ethnographiques. D\u00e8s le d\u00e9but, il fit preuve d&rsquo;une vision du patrimoine int\u00e9grale, transcendant la simple accumulation d&rsquo;objet d&rsquo;un collectionneur, pour s&rsquo;int\u00e9resser aux processus de production, \u00e0 l&rsquo;organisation du territoire ou encore \u00e0 la r\u00e9cup\u00e9ration des m\u00e9tiers, des activit\u00e9s, des techniques et des manifestations culturelles, des savoirs et des connaissances qui se perdaient \u00e0 un rythme encore plus rapide que le patrimoine mat\u00e9riel.<\/p>\n<p>En 1979, Jos\u00e9 Mar\u00eda Naveiras \u00e9tait d\u00e9j\u00e0 conscient de la n\u00e9cessit\u00e9 de rassembler, de classer et de continuer ce travail de r\u00e9cup\u00e9ration du patrimoine, ce qu&rsquo;il fit savoir au conseiller r\u00e9gional \u00e0 la Culture et aux Sports de l&rsquo;\u00e9poque, Atanasio Corte Zapico, et \u00e0 Emilio Marcos Vallaure, grand connaisseur de l&rsquo;ouest des Asturies et qui jouera un r\u00f4le de premier plan dans la cr\u00e9ation du mus\u00e9e.<\/p>\n<p>Apr\u00e8s plusieurs ann\u00e9es et de nombreuses vicissitudes, le 2 juin 1984, une premi\u00e8re mouture de ce qui s&rsquo;appelait alors le mus\u00e9e ethnographique de Grandas de Salime fut inaugur\u00e9e au rez-de-chauss\u00e9e de l&rsquo;h\u00f4tel de ville de la commune. Un total de quatre salles formait l&rsquo;espace qui abritait la collection ethnographique existant \u00e0 ce jour, ainsi qu&rsquo;une exposition de mat\u00e9riel arch\u00e9ologique r\u00e9uni par Pepe. Le local mis \u00e0 disposition limitait les possibilit\u00e9s d&rsquo;agrandissement et conditionnait le discours ethnographique, mais les grandes lignes d&rsquo;argumentation qui seraient ensuite plus largement d\u00e9velopp\u00e9es \u00e9taient d\u00e9j\u00e0 pr\u00e9sentes : la recr\u00e9ation d&rsquo;environnements, l&rsquo;utilisation r\u00e9elle des pi\u00e8ces, l&rsquo;int\u00e9gration dans le projet d&rsquo;artisans locaux et l&rsquo;implication des habitants et de personnalit\u00e9s de tous horizons qui favoriseraient la cr\u00e9ation de <a href=\"https:\/\/www.facebook.com\/AmigosMuseoetonograficoGrandas\/\" target=\"_blank\" rel=\"noopener\">l&rsquo;Association des amis du mus\u00e9e ethnographique de Grandas de Salime.<\/a><\/p>\n<p>L&rsquo;ann\u00e9e 1989 marqua le transfert de la collection dans l&rsquo;ancien presbyt\u00e8re (Casa Rectoral) de Grandas de Salime, un b\u00e2timent du XIXe si\u00e8cle transform\u00e9 en mus\u00e9e apr\u00e8s des travaux de r\u00e9novation comprenant notamment l&rsquo;int\u00e9gration <a href=\"https:\/\/www.museodegrandas.es\/recuperacion-de-piezas-del-embalse-de-salime\/\">d&rsquo;\u00e9l\u00e9ments structurels r\u00e9cup\u00e9r\u00e9s par Pepe et plusieurs habitants de la commune<\/a> dans les ruines des villages inond\u00e9es par le lac de barrage de Salime.<\/p>\n<p>Le nouvel emplacement constituait en soi un \u00e9l\u00e9ment patrimonial qui montrait la structure de la maison traditionnelle et permettait d&rsquo;agrandir l&rsquo;espace d&rsquo;exposition, en d\u00e9ployant plus librement le concept de \u00ab mus\u00e9e vivant \u00bb de Jos\u00e9 Mar\u00eda Naveiras. C&rsquo;est ainsi que se succ\u00e9d\u00e8rent les d\u00e9monstrations de m\u00e9tiers et d&rsquo;activit\u00e9s traditionnelles, les conf\u00e9rences et les s\u00e9minaires, consolidant la participation des artisans et de la population locale \u00e0 l&rsquo;activit\u00e9 quotidienne de l&rsquo;institution.<\/p>\n<p><a href=\"https:\/\/www.museodegrandas.es\/wp-content\/uploads\/2023\/03\/PANEL-3_6.jpg\"><img loading=\"lazy\" class=\"aligncenter wp-image-9582 size-full\" title=\"Projet de restauration du lin\" src=\"https:\/\/www.museodegrandas.es\/wp-content\/uploads\/2023\/03\/PANEL-3_6.jpg\" alt=\"Projet de restauration du lin\" width=\"1024\" height=\"746\" \/><\/a><\/p>\n<p>Il apparu alors n\u00e9cessaire d&rsquo;agrandir le mus\u00e9e, ce qui fut entrepris avec la construction de nouveaux b\u00e2timents reproduisant l&rsquo;architecture traditionnelle. Un moulin hydraulique fut install\u00e9, utilis\u00e9 pendant des ann\u00e9es par les habitants de la commune int\u00e9ress\u00e9s par son usage, et le mus\u00e9e fut \u00e9galement dot\u00e9 d&rsquo;un espace pour son activit\u00e9 interne, avec l&rsquo;am\u00e9nagement d&rsquo;un atelier de m\u00e9tallurgie et de menuiserie et des espaces d&rsquo;expositions temporaires, d&rsquo;activit\u00e9s et de bureaux. La chapelle fut inaugur\u00e9e en 2004, avec un nouvel \u00e9tage, marquant la derni\u00e8re \u00e9tape d&rsquo;une p\u00e9riode d&rsquo;\u00e9volution continue.<\/p>\n<p>M\u00eame s&rsquo;il n&rsquo;a pas pu voir la r\u00e9alisation de ses aspirations initiales, Jos\u00e9 Mar\u00eda Naveiras a r\u00e9ussi \u00e0 concr\u00e9tiser le concept de mus\u00e9e int\u00e9gral et vivant, avec pour r\u00e9sultat final une recr\u00e9ation brillante des espaces domestiques et des activit\u00e9s productives telles que son chroniqueur les avait connues.<\/p>\n<p>Le mus\u00e9e que nous pouvons d\u00e9couvrir aujourd&rsquo;hui est manifestement l&rsquo;h\u00e9ritage de Pepe. Unanimement reconnu comme l&rsquo;un des meilleurs mus\u00e9es de son genre, dot\u00e9 d&rsquo;une collection d&rsquo;une grande richesse, il a servi et continue de servir d&rsquo;exemple et d&rsquo;inspiration pour la cr\u00e9ation d&rsquo;autres mus\u00e9es, sur le territoire des Asturies et au-del\u00e0.<\/p>\n<p>Cet h\u00e9ritage authentique de Pepe el Ferreiro, qui se transmet de g\u00e9n\u00e9ration en g\u00e9n\u00e9ration, est, comme le patrimoine qu&rsquo;il a toujours voulu pr\u00e9server, immat\u00e9riel. Le projet est devenu l&rsquo;un des principaux catalyseurs du sentiment de respect \u00e9prouv\u00e9 par les habitants eux-m\u00eames envers les modes de vie pass\u00e9s, mais pas si lointains, vilipend\u00e9s par leurs propres protagonistes, car ils portaient le fardeau cumul\u00e9 au fil des g\u00e9n\u00e9rations, du manque de progr\u00e8s, de la mis\u00e8re et la d\u00e9tresse sociale. . Le temps et le succ\u00e8s indiscutable du mus\u00e9e ont contribu\u00e9 \u00e0 modifier radicalement ce sentiment de m\u00e9pris des siens qui perdurait depuis des si\u00e8cles, et \u00e0 mettre en valeur le respect des biens qui permettent de recr\u00e9er ce monde disparu en quelques d\u00e9cennies et qui est aujourd&rsquo;hui revendiqu\u00e9 comme une r\u00e9f\u00e9rence commune et une source de fiert\u00e9 collective.<\/p>\n<p><a href=\"https:\/\/www.museodegrandas.es\/wp-content\/uploads\/2023\/03\/PANEL-5_3.jpg\"><img loading=\"lazy\" class=\"aligncenter wp-image-9586 size-full\" title=\"Mallega au Mus\u00e9e\" src=\"https:\/\/www.museodegrandas.es\/wp-content\/uploads\/2023\/03\/PANEL-5_3.jpg\" alt=\"Mallega au Mus\u00e9e\" width=\"1024\" height=\"684\" \/><\/a><\/p>\n<p><strong>PLUS D\u2032INFORMATION:<\/strong><\/p>\n<p><a href=\"https:\/\/www.museodegrandas.es\/wp-content\/uploads\/2023\/03\/Panel_1_FR.pdf\">TABLEAU 1. Le d\u00e9clin de la soci\u00e9t\u00e9 paysanne. Le point de vue d&rsquo;un autodidacte.<\/a><\/p>\n<p><a href=\"https:\/\/www.museodegrandas.es\/wp-content\/uploads\/2023\/03\/Panel_2_FR.pdf\">TABLEAU 2. Ces vieilles ferrailles. Un patrimoine \u00e0 valoriser.<\/a><\/p>\n<p><a href=\"https:\/\/www.museodegrandas.es\/wp-content\/uploads\/2023\/03\/Panel_3_FR-2.pdf\" target=\"_blank\" rel=\"noopener\">TABLEAU 3. La naissance d&rsquo;un mus\u00e9e. Le r\u00eave d&rsquo;un forgeron devient r\u00e9alit\u00e9.<\/a><\/p>\n<p><a href=\"https:\/\/www.museodegrandas.es\/wp-content\/uploads\/2023\/03\/Panel_4_FR.pdf\">TABLEAU 4. Un mus\u00e9e vivant. Les collections comme excuse.<\/a><\/p>\n<p><a href=\"https:\/\/www.museodegrandas.es\/wp-content\/uploads\/2023\/03\/Panel_5_FR.pdf\">TABLEAU 5. Un mus\u00e9e de r\u00e9f\u00e9rence. L&rsquo;h\u00e9ritage de Pepe el Ferreiro.<\/a><\/p>\n","protected":false},"excerpt":{"rendered":"<p>12.01. Salle \u00ab Pepe el Ferreiro \u00bb &nbsp; Plus d\u2032informations et t\u00e9l\u00e9chargement &nbsp; Jos\u00e9 Mar\u00eda Naveiras Escanlar, alias \u00ab Pepe el Ferreiro \u00bb (Pepe le forgeron, 31 mars 1942, Grandas de Salime &#8211; 13 juin 2020, Belmonte de Miranda) est n\u00e9 et a grandi dans une famille paysanne avec une longue tradition d&rsquo;artisans forgerons. Son [&hellip;]<\/p>\n","protected":false},"author":8,"featured_media":0,"parent":8146,"menu_order":0,"comment_status":"closed","ping_status":"closed","template":"","meta":{"_et_pb_use_builder":"","_et_pb_old_content":"","_et_gb_content_width":""},"_links":{"self":[{"href":"https:\/\/www.museodegrandas.es\/fr\/wp-json\/wp\/v2\/pages\/9596"}],"collection":[{"href":"https:\/\/www.museodegrandas.es\/fr\/wp-json\/wp\/v2\/pages"}],"about":[{"href":"https:\/\/www.museodegrandas.es\/fr\/wp-json\/wp\/v2\/types\/page"}],"author":[{"embeddable":true,"href":"https:\/\/www.museodegrandas.es\/fr\/wp-json\/wp\/v2\/users\/8"}],"replies":[{"embeddable":true,"href":"https:\/\/www.museodegrandas.es\/fr\/wp-json\/wp\/v2\/comments?post=9596"}],"version-history":[{"count":7,"href":"https:\/\/www.museodegrandas.es\/fr\/wp-json\/wp\/v2\/pages\/9596\/revisions"}],"predecessor-version":[{"id":9874,"href":"https:\/\/www.museodegrandas.es\/fr\/wp-json\/wp\/v2\/pages\/9596\/revisions\/9874"}],"up":[{"embeddable":true,"href":"https:\/\/www.museodegrandas.es\/fr\/wp-json\/wp\/v2\/pages\/8146"}],"wp:attachment":[{"href":"https:\/\/www.museodegrandas.es\/fr\/wp-json\/wp\/v2\/media?parent=9596"}],"curies":[{"name":"wp","href":"https:\/\/api.w.org\/{rel}","templated":true}]}}