

{"id":7373,"date":"2022-05-03T13:13:50","date_gmt":"2022-05-03T13:13:50","guid":{"rendered":"https:\/\/www.museodegrandas.es\/el-museo\/15-a-casoa\/15-10-sistemas-palumar\/"},"modified":"2022-05-03T13:13:50","modified_gmt":"2022-05-03T13:13:50","slug":"15-10-sistemas-palumar","status":"publish","type":"page","link":"https:\/\/www.museodegrandas.es\/as\/el-museo\/15-a-casoa\/15-10-sistemas-palumar\/","title":{"rendered":"15.10.- Sistemas p\u2019alumar"},"content":{"rendered":"<p>A vida del labrador taba marcada pola luz del sol. De noite, a \u00fanica luz da casa era el lume da lareira e, se era necesario, prend\u00edase un candil d\u2019aceite ou \u00faa <em>garabulla<\/em> ou <em>c\u00e1daba<\/em>, rama d\u2019uz seca que se colgaba nel <em>paparote<\/em> mantendo a laparada ben tempo. Estos sistemas alternaban con faroles de petr\u00f3leo e l\u00e1mparas de carburo. As velas de cera us\u00e1ronse pouco nos ambientes dom\u00e9sticos, sendo el sou uso preferente el relixoso. \u00c1s veces fabric\u00e1banse velas de sebo d\u2019ovella pal uso de cadald\u00eda.<\/p>\n<p style=\"text-align: center;\"><a href=\"https:\/\/www.museodegrandas.es\/wp-content\/uploads\/2014\/02\/luz.jpg\"><img class=\"wp-image-1254 aligncenter\" src=\"https:\/\/www.museodegrandas.es\/wp-content\/uploads\/2014\/02\/luz.jpg\" alt=\"luz\" width=\"500\" \/><\/a><\/p>\n<p>A luz el\u00e9ctrica empez\u00f3u a chegar \u00e1 contornada na segunda d\u00e9cada del siglo XX. El sou ritmo d\u2019introducci\u00f3n foi mui lento y as m\u00e1is das parroquias nun dispueron d\u2019ela hasta mediaos dos anos 40, sendo alg\u00fas os lugares que tuveron sin luz el\u00e9ctrica hasta a d\u00e9cada dos 80.<!--:--><\/p>\n","protected":false},"excerpt":{"rendered":"<p>A vida del labrador taba marcada pola luz del sol. De noite, a \u00fanica luz da casa era el lume da lareira e, se era necesario, prend\u00edase un candil d\u2019aceite ou \u00faa garabulla ou c\u00e1daba, rama d\u2019uz seca que se colgaba nel paparote mantendo a laparada ben tempo. Estos sistemas alternaban con faroles de petr\u00f3leo [&hellip;]<\/p>\n","protected":false},"author":2,"featured_media":0,"parent":7336,"menu_order":0,"comment_status":"closed","ping_status":"closed","template":"","meta":{"_et_pb_use_builder":"","_et_pb_old_content":"","_et_gb_content_width":""},"_links":{"self":[{"href":"https:\/\/www.museodegrandas.es\/as\/wp-json\/wp\/v2\/pages\/7373"}],"collection":[{"href":"https:\/\/www.museodegrandas.es\/as\/wp-json\/wp\/v2\/pages"}],"about":[{"href":"https:\/\/www.museodegrandas.es\/as\/wp-json\/wp\/v2\/types\/page"}],"author":[{"embeddable":true,"href":"https:\/\/www.museodegrandas.es\/as\/wp-json\/wp\/v2\/users\/2"}],"replies":[{"embeddable":true,"href":"https:\/\/www.museodegrandas.es\/as\/wp-json\/wp\/v2\/comments?post=7373"}],"version-history":[{"count":0,"href":"https:\/\/www.museodegrandas.es\/as\/wp-json\/wp\/v2\/pages\/7373\/revisions"}],"up":[{"embeddable":true,"href":"https:\/\/www.museodegrandas.es\/as\/wp-json\/wp\/v2\/pages\/7336"}],"wp:attachment":[{"href":"https:\/\/www.museodegrandas.es\/as\/wp-json\/wp\/v2\/media?parent=7373"}],"curies":[{"name":"wp","href":"https:\/\/api.w.org\/{rel}","templated":true}]}}