

{"id":7324,"date":"2022-05-03T12:47:13","date_gmt":"2022-05-03T12:47:13","guid":{"rendered":"https:\/\/www.museodegrandas.es\/el-museo\/09-meda\/"},"modified":"2022-05-03T12:47:13","modified_gmt":"2022-05-03T12:47:13","slug":"09-meda","status":"publish","type":"page","link":"https:\/\/www.museodegrandas.es\/as\/el-museo\/09-meda\/","title":{"rendered":"09.- Meda"},"content":{"rendered":"<p>A meda ou varal d\u2019herba \u00e9 un aut\u00e9ntico s\u00edmbolo del xeito de vida labrador. Consiste nun poste central, \u00faa vara, normalmente de casta\u00f1eiro, qu\u2019alredor d\u2019ela vai xunt\u00e1ndose el herba da sega xa seca, ama\u00f1ando un redondelo na base que vai menguando de di\u00e1metro en altura hasta faer \u00faa forma c\u00f3nica. Val\u00eda como almac\u00e9n del herba seca coa que s\u2019alimentaba el gao. D\u2019este xeito, el herba seca pod\u00eda conservarse \u00e1 intemperie muito tempo y usarse como forraxe nos periodos de seca ou carest\u00eda.<\/p>\n<p><a href=\"https:\/\/www.museodegrandas.es\/wp-content\/uploads\/2014\/02\/meda.jpg\"><img class=\"aligncenter\" src=\"https:\/\/www.museodegrandas.es\/wp-content\/uploads\/2014\/02\/meda.jpg\" alt=\"meda\" width=\"500\" \/><\/a><!--:--><\/p>\n","protected":false},"excerpt":{"rendered":"<p>A meda ou varal d\u2019herba \u00e9 un aut\u00e9ntico s\u00edmbolo del xeito de vida labrador. Consiste nun poste central, \u00faa vara, normalmente de casta\u00f1eiro, qu\u2019alredor d\u2019ela vai xunt\u00e1ndose el herba da sega xa seca, ama\u00f1ando un redondelo na base que vai menguando de di\u00e1metro en altura hasta faer \u00faa forma c\u00f3nica. Val\u00eda como almac\u00e9n del herba [&hellip;]<\/p>\n","protected":false},"author":2,"featured_media":0,"parent":7248,"menu_order":0,"comment_status":"closed","ping_status":"closed","template":"","meta":{"_et_pb_use_builder":"","_et_pb_old_content":"","_et_gb_content_width":""},"_links":{"self":[{"href":"https:\/\/www.museodegrandas.es\/as\/wp-json\/wp\/v2\/pages\/7324"}],"collection":[{"href":"https:\/\/www.museodegrandas.es\/as\/wp-json\/wp\/v2\/pages"}],"about":[{"href":"https:\/\/www.museodegrandas.es\/as\/wp-json\/wp\/v2\/types\/page"}],"author":[{"embeddable":true,"href":"https:\/\/www.museodegrandas.es\/as\/wp-json\/wp\/v2\/users\/2"}],"replies":[{"embeddable":true,"href":"https:\/\/www.museodegrandas.es\/as\/wp-json\/wp\/v2\/comments?post=7324"}],"version-history":[{"count":0,"href":"https:\/\/www.museodegrandas.es\/as\/wp-json\/wp\/v2\/pages\/7324\/revisions"}],"up":[{"embeddable":true,"href":"https:\/\/www.museodegrandas.es\/as\/wp-json\/wp\/v2\/pages\/7248"}],"wp:attachment":[{"href":"https:\/\/www.museodegrandas.es\/as\/wp-json\/wp\/v2\/media?parent=7324"}],"curies":[{"name":"wp","href":"https:\/\/api.w.org\/{rel}","templated":true}]}}